{"id":60,"date":"2014-05-27T14:44:22","date_gmt":"2014-05-27T12:44:22","guid":{"rendered":"http:\/\/www.ljustero.org\/vadholma-vagforening\/?page_id=60"},"modified":"2015-05-31T10:23:22","modified_gmt":"2015-05-31T08:23:22","slug":"gravningar-for-bredbandsfiber","status":"publish","type":"page","link":"http:\/\/www.ljustero.org\/vadholma-vagforening\/gravningar-for-bredbandsfiber\/","title":{"rendered":"Gr\u00e4vningar"},"content":{"rendered":"<p>2015-05-31<br \/>\n<strong>Fiberinstallationen \u00e4r slutf\u00f6rd<\/strong><br \/>\nFiber \u00e4r sedan en tid\u00a0framdragen till alla tomtgr\u00e4nser och den har \u00e4ven dragits i de fastigheter f\u00f6r vilka\u00a0anm\u00e4lan har gjorts. Vi \u00e4r nu inne i en provperiod d\u00e5 vi f\u00e5r prova internet med 100 Mbit\/sek.<br \/>\nAlla gr\u00e4vningar har slutf\u00f6rts och \u00e5terst\u00e4llning av v\u00e4gbel\u00e4ggningar har utf\u00f6rts. Kvarst\u00e5r\u00a0att \u00e5terst\u00e4lla oljegrusbel\u00e4ggningar.<\/p>\n<p>2014-09-03<br \/>\n<strong>Efterjusteringar<br \/>\n<\/strong>Arbeten med nerl\u00e4ggning av fibern i v\u00e4gomr\u00e5dena \u00e4r slutf\u00f6rda.<br \/>\nV\u00e4gmaterialet har f\u00e5tt ligga tills sig en tid och nu b\u00f6rjar \u00e5terst\u00e4llning<br \/>\nav v\u00e4gbel\u00e4ggning som skadats under arbetena.<\/p>\n<p>2014-06-27<br \/>\n<strong>Skogshultsv\u00e4gen<br \/>\n<\/strong>Gr\u00e4vt i asfalten och lagt ner kabel fr\u00e5n Skogshult v\u00e4sterut.<br \/>\nAsfalten kommer att lagas senare n\u00e4r gruset f\u00e5tt tid att s\u00e4tta sig.<br \/>\n\u00c4ven nord\u00f6stra delen av Skogshultsv\u00e4gen \u00e4r f\u00e4rdiggr\u00e4vd.<\/p>\n<p>2014-06-17<br \/>\n<strong>Vadholmav\u00e4gen <\/strong>v\u00e4sterut<strong><br \/>\n<\/strong>Gr\u00e4ver nu mellan korsningen och Vadholmas norra udde.<br \/>\nDet l\u00e4r inte bli klart f\u00f6re Midsommar, men kommer att snyggas till<br \/>\noch vara fullt k\u00f6rbart.<\/p>\n<p>2014-06-16<br \/>\n<strong>Ljuster\u00f6 Huvuds V\u00e4g<\/strong> klar.<\/p>\n<p>2014-06-10 16:00<br \/>\n<strong style=\"font-weight: bold;\">Ljuster\u00f6 Huvuds V\u00e4g<\/strong><span style=\"line-height: 1.714285714; font-size: 1rem;\">\u00a0Framme vid backen mot Vadholmaviken.<\/span><\/p>\n<p>Vi s\u00f6dra \u00e4nden av v\u00e4gen ser det ut s\u00e5 h\u00e4r. Regnb\u00e5gskabel?<br \/>\nTjock kabel ett med knippe slangar i olika f\u00e4rger, en slang till varje fastighet.<br \/>\n<a href=\"http:\/\/www.ljustero.org\/vadholma-vagforening\/wp-content\/uploads\/sites\/5\/2014\/05\/2014-06-10-13.40.39.jpg\"><img loading=\"lazy\" decoding=\"async\" class=\"alignnone size-medium wp-image-84\" src=\"http:\/\/www.ljustero.org\/vadholma-vagforening\/wp-content\/uploads\/sites\/5\/2014\/05\/2014-06-10-13.40.39-300x168.jpg\" alt=\"2014-06-10 13.40.39\" width=\"300\" height=\"168\" srcset=\"http:\/\/www.ljustero.org\/vadholma-vagforening\/wp-content\/uploads\/sites\/5\/2014\/05\/2014-06-10-13.40.39-300x168.jpg 300w, http:\/\/www.ljustero.org\/vadholma-vagforening\/wp-content\/uploads\/sites\/5\/2014\/05\/2014-06-10-13.40.39-1024x576.jpg 1024w, http:\/\/www.ljustero.org\/vadholma-vagforening\/wp-content\/uploads\/sites\/5\/2014\/05\/2014-06-10-13.40.39-651x366.jpg 651w\" sizes=\"auto, (max-width: 300px) 100vw, 300px\" \/><\/a><\/p>\n<p>2014-06-09 14:00<br \/>\n<strong style=\"line-height: 1.714285714; font-size: 1rem;\">Ljuster\u00f6 Huvuds V\u00e4g<\/strong><span style=\"line-height: 1.714285714; font-size: 1rem;\"> s\u00f6der om korsningen \u00e4r nu klar.<br \/>\n<\/span>Forts\u00e4tter norrut denna vecka. \u00c4r just nu vid fam Jansson.<br \/>\nGr\u00e4ver ca 200 m per dag. Hoppas kunna \u00f6ka till 400 m per dag.<\/p>\n<p>Vadholmav\u00e4gen kommer efter.<\/p>\n<p>2014-06-03<br \/>\n<strong>Gr\u00e4vningar p\u00e5b\u00f6rjades idag.<\/strong><\/p>\n<p>S\u00e5 h\u00e4r ser maskinen ut<\/p>\n<p><a href=\"http:\/\/www.ljustero.org\/vadholma-vagforening\/wp-content\/uploads\/sites\/5\/2014\/05\/2014-06-03-15.51.31.jpg\"><img loading=\"lazy\" decoding=\"async\" class=\"alignnone size-medium wp-image-68\" src=\"http:\/\/www.ljustero.org\/vadholma-vagforening\/wp-content\/uploads\/sites\/5\/2014\/05\/2014-06-03-15.51.31-300x168.jpg\" alt=\"2014-06-03 15.51.31\" width=\"300\" height=\"168\" srcset=\"http:\/\/www.ljustero.org\/vadholma-vagforening\/wp-content\/uploads\/sites\/5\/2014\/05\/2014-06-03-15.51.31-300x168.jpg 300w, http:\/\/www.ljustero.org\/vadholma-vagforening\/wp-content\/uploads\/sites\/5\/2014\/05\/2014-06-03-15.51.31-1024x576.jpg 1024w, http:\/\/www.ljustero.org\/vadholma-vagforening\/wp-content\/uploads\/sites\/5\/2014\/05\/2014-06-03-15.51.31-651x366.jpg 651w\" sizes=\"auto, (max-width: 300px) 100vw, 300px\" \/><\/a><\/p>\n<p>2014-06-02<strong><br \/>\nNu b\u00f6rjar snart gr\u00e4vningarna f\u00f6r bredbandsfiber i Vadholma.<\/strong><\/p>\n<p>Prel tidplan<\/p>\n<p>Gr\u00e4vningar g\u00f6rs<br \/>\n&#8211; 2\/6 Ljuster\u00f6 Huvuds V\u00e4g s\u00f6der om Vadholmav\u00e4gen fr\u00e5n 3:92 till korsningen.<\/p>\n<p>&#8211; 2\/6 Gr\u00e4vningar fr\u00e5n 3:69 ytterst p\u00e5 Vadholma mot korsningen.<\/p>\n<p>&#8211; I veckan d\u00e4rp\u00e5 g\u00f6rs Ljuster\u00f6 Huvuds V\u00e4g klar.<\/p>\n<p>&#8211; Till sist Skogshultsv\u00e4gen och Vadholmav\u00e4gens \u00f6stra del.<\/p>\n","protected":false},"excerpt":{"rendered":"<p>2015-05-31 Fiberinstallationen \u00e4r slutf\u00f6rd Fiber \u00e4r sedan en tid\u00a0framdragen till alla tomtgr\u00e4nser och den har \u00e4ven dragits i de fastigheter f\u00f6r vilka\u00a0anm\u00e4lan har gjorts. Vi \u00e4r nu inne i en provperiod d\u00e5 vi f\u00e5r prova internet med 100 Mbit\/sek. Alla gr\u00e4vningar har slutf\u00f6rts och \u00e5terst\u00e4llning av v\u00e4gbel\u00e4ggningar har utf\u00f6rts. Kvarst\u00e5r\u00a0att \u00e5terst\u00e4lla oljegrusbel\u00e4ggningar. 2014-09-03 Efterjusteringar Arbeten [&hellip;]<\/p>\n","protected":false},"author":1,"featured_media":0,"parent":0,"menu_order":0,"comment_status":"closed","ping_status":"open","template":"","meta":{"footnotes":""},"class_list":["post-60","page","type-page","status-publish","hentry"],"_links":{"self":[{"href":"http:\/\/www.ljustero.org\/vadholma-vagforening\/wp-json\/wp\/v2\/pages\/60","targetHints":{"allow":["GET"]}}],"collection":[{"href":"http:\/\/www.ljustero.org\/vadholma-vagforening\/wp-json\/wp\/v2\/pages"}],"about":[{"href":"http:\/\/www.ljustero.org\/vadholma-vagforening\/wp-json\/wp\/v2\/types\/page"}],"author":[{"embeddable":true,"href":"http:\/\/www.ljustero.org\/vadholma-vagforening\/wp-json\/wp\/v2\/users\/1"}],"replies":[{"embeddable":true,"href":"http:\/\/www.ljustero.org\/vadholma-vagforening\/wp-json\/wp\/v2\/comments?post=60"}],"version-history":[{"count":14,"href":"http:\/\/www.ljustero.org\/vadholma-vagforening\/wp-json\/wp\/v2\/pages\/60\/revisions"}],"predecessor-version":[{"id":119,"href":"http:\/\/www.ljustero.org\/vadholma-vagforening\/wp-json\/wp\/v2\/pages\/60\/revisions\/119"}],"wp:attachment":[{"href":"http:\/\/www.ljustero.org\/vadholma-vagforening\/wp-json\/wp\/v2\/media?parent=60"}],"curies":[{"name":"wp","href":"https:\/\/api.w.org\/{rel}","templated":true}]}}